{"id":2074,"date":"2024-09-02T11:46:51","date_gmt":"2024-09-02T11:46:51","guid":{"rendered":"https:\/\/mediwell-kosmetik.de\/?page_id=2074"},"modified":"2024-10-01T12:13:10","modified_gmt":"2024-10-01T12:13:10","slug":"skin-power-behandlung","status":"publish","type":"page","link":"https:\/\/mediwell-kosmetik.de\/?page_id=2074","title":{"rendered":"So lernen wir uns kennen &#8230;"},"content":{"rendered":"<section class=\"wpb-content-wrapper\"><p>[vc_row equal_height=&#8221;yes&#8221;][vc_column icons_position=&#8221;left&#8221;][vc_empty_space height=&#8221;7.143em&#8221; alter_height=&#8221;none&#8221; hide_on_desktop=&#8221;&#8221; hide_on_notebook=&#8221;&#8221; hide_on_tablet=&#8221;&#8221; hide_on_mobile=&#8221;1&#8243;][vc_empty_space height=&#8221;5em&#8221; alter_height=&#8221;none&#8221; hide_on_desktop=&#8221;1&#8243; hide_on_notebook=&#8221;1&#8243; hide_on_tablet=&#8221;1&#8243; hide_on_mobile=&#8221;&#8221;][\/vc_column][vc_column width=&#8221;7\/12&#8243; hide_bg_image_on_tablet=&#8221;&#8221; hide_bg_image_on_mobile=&#8221;&#8221; icons_position=&#8221;left&#8221; css=&#8221;.vc_custom_1541512031365{background-color: #f2eeec !important;}&#8221;]<div id=\"sc_content_430578049\"\n\t\tclass=\"sc_content sc_content_default sc_float_center sc_padding_large  vc_custom_1541512230582\"><div class=\"sc_content_container\"><div id=\"sc_title_2041117329\"\n\t\tclass=\"sc_title sc_title_default\"><h3 class=\"sc_item_title sc_title_title sc_align_left sc_item_title_style_default sc_item_title_tag\">Ihr 1. Schritt zu sichtbar sch\u00f6nerer Haut!<\/h3><div class=\"sc_item_descr sc_title_descr sc_align_left\"><p><b>Ihre Haut ist meine Leidenschaft!<\/b><br \/>\nSind Sie bereit, Ihrer Haut das Beste zu geben? Entdecken Sie die transformative Kraft professioneller Hautpflege! Wenn Sie F\u00e4ltchen, Unreinheiten oder gereizte Haut loswerden m\u00f6chten, sind Sie hier genau richtig.<\/p>\n<p>W\u00fcnschen Sie sich eine umfassende Anamnese und fachkundige Beratung, um die Gesundheit und das Erscheinungsbild Ihrer Haut sichtbar zu verbessern? Hier sind einige der Fragen, die Sie m\u00f6glicherweise beantworten m\u00f6chten:<\/p>\n<p><b>Lust auf eine strahlendere Haut ohne F\u00e4ltchen und schlaffe Konturen?<\/b><\/p>\n<p>&#x274c; K\u00e4mpfen Sie mit Unreinheiten, Pickeln oder vergr\u00f6\u00dferten Poren?<br \/>\n&#x274c; Leiden Sie unter empfindlicher oder gereizter Haut?<br \/>\n&#x274c; M\u00f6chten Sie Pigmentflecken und Sonnensch\u00e4den reduzieren?<\/p>\n<\/div><div class=\"sc_item_button sc_button_wrap sc_align_left\"><a href=\"https:\/\/api.whatsapp.com\/send?phone=496136953403\" id=\"sc_button_896773097\" class=\"sc_button sc_button_default sc_item_button sc_item_button_default sc_title_button sc_button_size_normal sc_button_icon_left\"><span class=\"sc_button_text\"><span class=\"sc_button_title\">Sie w\u00fcnschen eine Beratung?<\/span><\/span><!-- \/.sc_button_text --><\/a><!-- \/.sc_button --><\/div><!-- \/.sc_item_button --><\/div><!-- \/.sc_title -->[vc_empty_space height=&#8221;1.785714285714286em&#8221; alter_height=&#8221;none&#8221; hide_on_desktop=&#8221;&#8221; hide_on_notebook=&#8221;&#8221; hide_on_tablet=&#8221;&#8221; hide_on_mobile=&#8221;&#8221;]<\/div><\/div><!-- \/.sc_content -->[\/vc_column][vc_column width=&#8221;5\/12&#8243; hide_bg_image_on_tablet=&#8221;&#8221; hide_bg_image_on_mobile=&#8221;&#8221; icons_position=&#8221;left&#8221; css=&#8221;.vc_custom_1727784630585{background-image: url(http:\/\/mediwell-kosmetik.de\/wp-content\/uploads\/2024\/09\/simone-schlamp-radina-mediwell-scaled.jpg?id=2060) !important;background-position: center !important;background-repeat: no-repeat !important;background-size: cover !important;}&#8221;][vc_empty_space height=&#8221;20em&#8221; alter_height=&#8221;none&#8221; hide_on_desktop=&#8221;1&#8243; hide_on_notebook=&#8221;1&#8243; hide_on_tablet=&#8221;1&#8243; hide_on_mobile=&#8221;&#8221;][\/vc_column][vc_column icons_position=&#8221;left&#8221; offset=&#8221;vc_hidden-lg vc_hidden-md vc_hidden-sm vc_col-xs-12&#8243;][vc_empty_space height=&#8221;5em&#8221; alter_height=&#8221;none&#8221; hide_on_desktop=&#8221;1&#8243; hide_on_notebook=&#8221;1&#8243; hide_on_tablet=&#8221;1&#8243; hide_on_mobile=&#8221;&#8221;][\/vc_column][\/vc_row][vc_row equal_height=&#8221;yes&#8221;][vc_column width=&#8221;7\/12&#8243; hide_bg_image_on_tablet=&#8221;&#8221; hide_bg_image_on_mobile=&#8221;&#8221; icons_position=&#8221;left&#8221; css=&#8221;.vc_custom_1725278929838{background-image: url(http:\/\/mediwell-kosmetik.de\/wp-content\/uploads\/2024\/09\/kosmetik-niederolm-mediwell.jpg?id=2080) !important;background-position: center !important;background-repeat: no-repeat !important;background-size: cover !important;}&#8221;][vc_empty_space height=&#8221;10em&#8221; alter_height=&#8221;none&#8221; hide_on_desktop=&#8221;1&#8243; hide_on_notebook=&#8221;1&#8243; hide_on_tablet=&#8221;1&#8243; hide_on_mobile=&#8221;&#8221;][\/vc_column][vc_column width=&#8221;5\/12&#8243; hide_bg_image_on_tablet=&#8221;&#8221; hide_bg_image_on_mobile=&#8221;&#8221; icons_position=&#8221;left&#8221; css=&#8221;.vc_custom_1725279096934{background-color: #d6c2b1 !important;}&#8221;]<div id=\"sc_content_218469676\"\n\t\tclass=\"sc_content sc_content_default sc_float_center sc_padding_medium\"><div class=\"sc_content_container\">[vc_empty_space height=&#8221;1.214285714285714em&#8221; alter_height=&#8221;none&#8221; hide_on_desktop=&#8221;&#8221; hide_on_notebook=&#8221;&#8221; hide_on_tablet=&#8221;&#8221; hide_on_mobile=&#8221;&#8221;]<div id=\"sc_title_1347545131\"\n\t\tclass=\"sc_title sc_title_default\"><h3 class=\"sc_item_title sc_title_title sc_align_left sc_item_title_style_default sc_item_title_tag\">Ihre Haut wird erstrahlen!<\/h3><div class=\"sc_item_descr sc_title_descr sc_align_left\"><p>Stellen Sie sich vor, wie Ihre Haut schon nach dieser ersten Behandlung sichtbar erbl\u00fcht! Ich bin Simone Schlamp-Radina, Ihre Expertin f\u00fcr effektive Anti-Aging-Behandlungen. In meiner Kennenlern-Behandlung erarbeiten wir gemeinsam ein ma\u00dfgeschneidertes Konzept, das perfekt auf Ihre individuellen Hautbed\u00fcrfnisse abgestimmt ist.<\/p>\n<h5>Darauf k\u00f6nnen Sie sich freuen:<\/h5>\n<p>&#x2705; eine sichtbarere <b>Reduktion von Falten<\/b> und Linien<br \/>\n&#x2705; ein ebenm\u00e4\u00dfigeres und <b>reineres Hautbild<\/b><br \/>\n&#x2705; ein <b>pralleres<\/b>, klareres <b>Erscheinungsbild<\/b><br \/>\n&#x2705; ein frischer, <b>strahlender Teint<\/b><\/p>\n<p>Erleben Sie die Freude an einer Haut, die nicht nur sch\u00f6n aussieht, sondern sich auch so anf\u00fchlt!<\/p>\n<h5>Buchen Sie jetzt und genie\u00dfen Sie!<\/h5>\n<p>Sichern Sie sich Ihre <b>Kennenlern-Behandlung \u201eSkin Power\u201c<\/b> zum einmaligen <b>Kennenlern-Preis<\/b> von<br \/>\nnur <b>95 \u20ac<\/b> (statt 129 \u20ac)!<\/p>\n<p>Ich freue mich darauf, zusammen mit Ihnen Ihre Haut zum Strahlen zu bringen. Klicken Sie auf den Button unten, um Ihren Termin zu sichern und den ersten Schritt zu einer ges\u00fcnderen Haut zu machen!<\/p>\n<\/div><div class=\"sc_title_button_image sc_item_button_image sc_align_left\"><a href=\"https:\/\/api.whatsapp.com\/send?phone=496136953403\"><img loading=\"lazy\" decoding=\"async\" src=\"https:\/\/mediwell-kosmetik.de\/wp-content\/uploads\/2024\/04\/whatsapp-logo.png\" alt=\"Button&#039;s image\" width=\"200\" height=\"58\"><\/a><\/div><\/div><!-- \/.sc_title -->[vc_empty_space height=&#8221;1.214285714285714em&#8221; alter_height=&#8221;none&#8221; hide_on_desktop=&#8221;&#8221; hide_on_notebook=&#8221;&#8221; hide_on_tablet=&#8221;&#8221; hide_on_mobile=&#8221;&#8221;]<\/div><\/div><!-- \/.sc_content -->[\/vc_column][\/vc_row][vc_row][vc_column icons_position=&#8221;left&#8221;][vc_empty_space height=&#8221;6.85em&#8221; alter_height=&#8221;none&#8221; hide_on_desktop=&#8221;&#8221; hide_on_notebook=&#8221;&#8221; hide_on_tablet=&#8221;&#8221; hide_on_mobile=&#8221;1&#8243;][vc_empty_space height=&#8221;5em&#8221; alter_height=&#8221;none&#8221; hide_on_desktop=&#8221;1&#8243; hide_on_notebook=&#8221;1&#8243; hide_on_tablet=&#8221;1&#8243; hide_on_mobile=&#8221;&#8221;][vc_empty_space height=&#8221;2.55em&#8221; alter_height=&#8221;none&#8221; hide_on_desktop=&#8221;&#8221; hide_on_notebook=&#8221;&#8221; hide_on_tablet=&#8221;&#8221; hide_on_mobile=&#8221;&#8221;][\/vc_column][\/vc_row][vc_row full_width=&#8221;stretch_row_content_no_spaces&#8221; equal_height=&#8221;yes&#8221; content_placement=&#8221;middle&#8221; css_animation=&#8221;fadeInUp&#8221; hide_bg_image_on_tablet=&#8221;&#8221; hide_bg_image_on_mobile=&#8221;&#8221; row_delimiter=&#8221;&#8221; hide_on_desktop=&#8221;&#8221; hide_on_notebook=&#8221;&#8221; hide_on_tablet=&#8221;1&#8243; hide_on_mobile=&#8221;1&#8243; hide_on_frontpage=&#8221;&#8221; css=&#8221;.vc_custom_1543846529267{background-color: #9aaf8f !important;}&#8221;][vc_column hide_bg_image_on_tablet=&#8221;&#8221; hide_bg_image_on_mobile=&#8221;&#8221; icons_position=&#8221;left&#8221;]<div id=\"sc_content_83816815\"\n\t\tclass=\"sc_content sc_content_default sc_content_width_55p sc_float_left sc_padding_tiny  vc_custom_1543846322283\"><div class=\"sc_content_container\">[vc_empty_space height=&#8221;3.5em&#8221; alter_height=&#8221;none&#8221; hide_on_desktop=&#8221;&#8221; hide_on_notebook=&#8221;&#8221; hide_on_tablet=&#8221;&#8221; hide_on_mobile=&#8221;&#8221;]<div id=\"sc_content_627829099\"\n\t\tclass=\"sc_content sc_content_default sc_content_width_100p sc_float_right  vc_custom_1533300588500\"><div class=\"sc_content_container\">[vc_column_text]<\/p>\n<h3><span style=\"color: #ffffff;\">Newsletter Anmeldung<br \/>\n<\/span><\/h3>\n<p>[\/vc_column_text][vc_empty_space height=&#8221;3.5em&#8221; alter_height=&#8221;none&#8221; hide_on_desktop=&#8221;&#8221; hide_on_notebook=&#8221;&#8221; hide_on_tablet=&#8221;&#8221; hide_on_mobile=&#8221;&#8221;][vc_column_text][\/vc_column_text][vc_empty_space height=&#8221;4.2em&#8221; alter_height=&#8221;none&#8221; hide_on_desktop=&#8221;&#8221; hide_on_notebook=&#8221;&#8221; hide_on_tablet=&#8221;&#8221; hide_on_mobile=&#8221;&#8221;]<\/div><\/div><!-- \/.sc_content --><\/div><\/div><!-- \/.sc_content --><div id=\"sc_content_1986427256\"\n\t\tclass=\"sc_content sc_content_default sc_content_width_45p sc_float_left sc_padding_tiny\"><div class=\"sc_content_container\">[vc_empty_space height=&#8221;3.571428571428571em&#8221; alter_height=&#8221;none&#8221; hide_on_desktop=&#8221;&#8221; hide_on_notebook=&#8221;&#8221; hide_on_tablet=&#8221;&#8221; hide_on_mobile=&#8221;&#8221;][vc_column_text scheme=&#8221;dark&#8221;]<\/p>\n<h3>Kontaktieren Sie mich<\/h3>\n<p><span class=\"LrzXr\">Michael-Eifinger-Stra\u00dfe 29<\/span><br \/>\n<span class=\"w8qArf\">Telefon: <\/span><span class=\"LrzXr zdqRlf kno-fv\">06136 953403<\/span><br \/>\nEmail: info@mediwell-kosmetik.de[\/vc_column_text]<\/div><\/div><!-- \/.sc_content -->[\/vc_column][\/vc_row][vc_row full_width=&#8221;stretch_row_content_no_spaces&#8221; equal_height=&#8221;yes&#8221; content_placement=&#8221;middle&#8221; css_animation=&#8221;fadeInUp&#8221; hide_bg_image_on_tablet=&#8221;&#8221; hide_bg_image_on_mobile=&#8221;&#8221; row_delimiter=&#8221;&#8221; hide_on_desktop=&#8221;1&#8243; hide_on_notebook=&#8221;1&#8243; hide_on_tablet=&#8221;&#8221; hide_on_mobile=&#8221;&#8221; hide_on_frontpage=&#8221;&#8221;][vc_column width=&#8221;1\/2&#8243; hide_bg_image_on_tablet=&#8221;&#8221; hide_bg_image_on_mobile=&#8221;&#8221; icons_position=&#8221;left&#8221; css=&#8221;.vc_custom_1543846328062{background-color: #b8a398 !important;}&#8221;]<div id=\"sc_content_644826818\"\n\t\tclass=\"sc_content sc_content_default sc_float_center sc_align_left sc_padding_medium\"><div class=\"sc_content_container\">[vc_empty_space height=&#8221;3em&#8221; alter_height=&#8221;none&#8221; hide_on_desktop=&#8221;&#8221; hide_on_notebook=&#8221;&#8221; hide_on_tablet=&#8221;&#8221; hide_on_mobile=&#8221;&#8221;][vc_column_text]<\/p>\n<h3><span style=\"color: #ffffff;\">Newsletter Anmeldung<br \/>\n<\/span><\/h3>\n<p>[\/vc_column_text][vc_empty_space height=&#8221;3em&#8221; alter_height=&#8221;none&#8221; hide_on_desktop=&#8221;&#8221; hide_on_notebook=&#8221;&#8221; hide_on_tablet=&#8221;&#8221; hide_on_mobile=&#8221;&#8221;][vc_column_text][\/vc_column_text][vc_empty_space height=&#8221;3em&#8221; alter_height=&#8221;none&#8221; hide_on_desktop=&#8221;&#8221; hide_on_notebook=&#8221;&#8221; hide_on_tablet=&#8221;&#8221; hide_on_mobile=&#8221;&#8221;]<\/div><\/div><!-- \/.sc_content -->[\/vc_column][vc_column width=&#8221;1\/2&#8243; hide_bg_image_on_tablet=&#8221;&#8221; hide_bg_image_on_mobile=&#8221;&#8221; icons_position=&#8221;left&#8221; css=&#8221;.vc_custom_1543846536357{background-color: #9aaf8f !important;}&#8221;]<div id=\"sc_content_882832094\"\n\t\tclass=\"sc_content sc_content_default sc_float_center sc_align_left sc_padding_medium\"><div class=\"sc_content_container\">[vc_empty_space height=&#8221;3em&#8221; alter_height=&#8221;none&#8221; hide_on_desktop=&#8221;&#8221; hide_on_notebook=&#8221;&#8221; hide_on_tablet=&#8221;&#8221; hide_on_mobile=&#8221;&#8221;][vc_column_text]<\/p>\n<h3>Kontaktieren Sie mich<\/h3>\n<p><span class=\"LrzXr\">Michael-Eifinger-Stra\u00dfe 29<\/span><br \/>\n<span class=\"w8qArf\">Telefon: <\/span><span class=\"LrzXr zdqRlf kno-fv\">06136 953403<\/span><br \/>\nEmail: info@mediwell-kosmetik.de[\/vc_column_text][vc_empty_space height=&#8221;3em&#8221; alter_height=&#8221;none&#8221; hide_on_desktop=&#8221;&#8221; hide_on_notebook=&#8221;&#8221; hide_on_tablet=&#8221;&#8221; hide_on_mobile=&#8221;&#8221;]<\/div><\/div><!-- \/.sc_content -->[\/vc_column][\/vc_row]<\/p>\n<\/section>","protected":false},"excerpt":{"rendered":"<p>[vc_row equal_height=&#8221;yes&#8221;][vc_column icons_position=&#8221;left&#8221;][vc_empty_space height=&#8221;7.143em&#8221; alter_height=&#8221;none&#8221; hide_on_desktop=&#8221;&#8221; hide_on_notebook=&#8221;&#8221; hide_on_tablet=&#8221;&#8221; hide_on_mobile=&#8221;1&#8243;][vc_empty_space height=&#8221;5em&#8221; alter_height=&#8221;none&#8221; hide_on_desktop=&#8221;1&#8243; hide_on_notebook=&#8221;1&#8243; hide_on_tablet=&#8221;1&#8243; hide_on_mobile=&#8221;&#8221;][\/vc_column][vc_column width=&#8221;7\/12&#8243; hide_bg_image_on_tablet=&#8221;&#8221; hide_bg_image_on_mobile=&#8221;&#8221; icons_position=&#8221;left&#8221; css=&#8221;.vc_custom_1541512031365{background-color: #f2eeec !important;}&#8221;][\/vc_column][vc_column width=&#8221;5\/12&#8243; hide_bg_image_on_tablet=&#8221;&#8221; hide_bg_image_on_mobile=&#8221;&#8221; icons_position=&#8221;left&#8221; css=&#8221;.vc_custom_1727784630585{background-image: url(http:\/\/mediwell-kosmetik.de\/wp-content\/uploads\/2024\/09\/simone-schlamp-radina-mediwell-scaled.jpg?id=2060) !important;background-position: center !important;background-repeat: no-repeat !important;background-size: cover !important;}&#8221;][vc_empty_space height=&#8221;20em&#8221; alter_height=&#8221;none&#8221; hide_on_desktop=&#8221;1&#8243; hide_on_notebook=&#8221;1&#8243; hide_on_tablet=&#8221;1&#8243; hide_on_mobile=&#8221;&#8221;][\/vc_column][vc_column icons_position=&#8221;left&#8221; offset=&#8221;vc_hidden-lg vc_hidden-md vc_hidden-sm vc_col-xs-12&#8243;][vc_empty_space height=&#8221;5em&#8221; alter_height=&#8221;none&#8221; hide_on_desktop=&#8221;1&#8243; hide_on_notebook=&#8221;1&#8243; hide_on_tablet=&#8221;1&#8243; hide_on_mobile=&#8221;&#8221;][\/vc_column][\/vc_row][vc_row equal_height=&#8221;yes&#8221;][vc_column width=&#8221;7\/12&#8243; hide_bg_image_on_tablet=&#8221;&#8221; hide_bg_image_on_mobile=&#8221;&#8221; icons_position=&#8221;left&#8221; css=&#8221;.vc_custom_1725278929838{background-image: url(http:\/\/mediwell-kosmetik.de\/wp-content\/uploads\/2024\/09\/kosmetik-niederolm-mediwell.jpg?id=2080) !important;background-position:&hellip;<\/p>\n","protected":false},"author":1,"featured_media":0,"parent":0,"menu_order":0,"comment_status":"closed","ping_status":"closed","template":"","meta":{"footnotes":""},"class_list":["post-2074","page","type-page","status-publish","hentry"],"_links":{"self":[{"href":"https:\/\/mediwell-kosmetik.de\/index.php?rest_route=\/wp\/v2\/pages\/2074","targetHints":{"allow":["GET"]}}],"collection":[{"href":"https:\/\/mediwell-kosmetik.de\/index.php?rest_route=\/wp\/v2\/pages"}],"about":[{"href":"https:\/\/mediwell-kosmetik.de\/index.php?rest_route=\/wp\/v2\/types\/page"}],"author":[{"embeddable":true,"href":"https:\/\/mediwell-kosmetik.de\/index.php?rest_route=\/wp\/v2\/users\/1"}],"replies":[{"embeddable":true,"href":"https:\/\/mediwell-kosmetik.de\/index.php?rest_route=%2Fwp%2Fv2%2Fcomments&post=2074"}],"version-history":[{"count":20,"href":"https:\/\/mediwell-kosmetik.de\/index.php?rest_route=\/wp\/v2\/pages\/2074\/revisions"}],"predecessor-version":[{"id":2106,"href":"https:\/\/mediwell-kosmetik.de\/index.php?rest_route=\/wp\/v2\/pages\/2074\/revisions\/2106"}],"wp:attachment":[{"href":"https:\/\/mediwell-kosmetik.de\/index.php?rest_route=%2Fwp%2Fv2%2Fmedia&parent=2074"}],"curies":[{"name":"wp","href":"https:\/\/api.w.org\/{rel}","templated":true}]}}